{"id":24,"date":"2016-08-25T09:35:41","date_gmt":"2016-08-25T09:35:41","guid":{"rendered":"http:\/\/lemoulindeletang.fr\/?page_id=24"},"modified":"2025-07-27T14:24:54","modified_gmt":"2025-07-27T12:24:54","slug":"histoire-moulin-de-letang-essonne","status":"publish","type":"page","link":"https:\/\/lemoulindeletang.fr\/index.php\/histoire-moulin-de-letang-essonne\/","title":{"rendered":"Notre Histoire"},"content":{"rendered":"<div class=\"wpb-content-wrapper\"><p>[vc_row][vc_column]<h3 class=\"sc_title sc_title_regular\">D\u00e9couvrir le Moulin<\/h3>[vc_column_text css=\u00a0\u00bb.vc_custom_1711564865232{margin-bottom: 8.9rem !important;}\u00a0\u00bb][\/vc_column_text][vc_column_text]<span style=\"font-size: 1.5em; color: #000000;\">L&rsquo;abb\u00e9 LEBEUF note l&rsquo;existence du Moulin de l&rsquo;\u00c9tang en 1207. Il appartenait alors aux Chanoines de la coll\u00e9giale Saint Merry. Ces Chanoines sont seigneurs en partie de LINAS. (Dans l&rsquo;Essonne 91.) <\/span><\/p>\n<p><span style=\"font-size: 1.5em; color: #000000;\">Le Moulin de l&rsquo;\u00c9tang devait son nom \u00e0 la pi\u00e8ce d&rsquo;eau situ\u00e9e en amont qui lui fournissait son \u00e9nergie. Cet \u00e9tang \u00e9tait aliment\u00e9 par une rivi\u00e8re suspendue, obtenue par la pr\u00e9sence d&rsquo;une vanne qui d\u00e9viait le cours naturel de la rivi\u00e8re pour l&rsquo;orienter vers le Moulin de l&rsquo;\u00c9tang.<\/span><\/p>\n<p><span style=\"font-size: 1.5em; color: #000000;\">Pendant la r\u00e9volution, le moulin, propri\u00e9t\u00e9 seigneuriale du Chapitre, fut d\u00e9cr\u00e9t\u00e9 \u00ab\u00a0bien national\u00a0\u00bb.<\/span><\/p>\n<p><span style=\"font-size: 1.5em; color: #000000;\">Durant la premi\u00e8re moiti\u00e9 du XIX \u00e8me si\u00e8cle il connut une prosp\u00e9rit\u00e9 certaine. En 1812 le sieur COGNET en devint propri\u00e9taire. Apr\u00e8s quelques ann\u00e9es d&rsquo;exploitation et afin d&rsquo;augmenter la puissance de la machine, il porta le diam\u00e8tre de la roue de 3 \u00e0 4 m\u00e8tres, et releva les vannes en cons\u00e9quence.<\/span><\/p>\n<p><span style=\"font-size: 1.5em; color: #000000;\">Le moulin passe \u00e0 la famille COUTADEUR vers 1860. Elle va l&rsquo;exploiter de p\u00e8re en fils pendant pr\u00e8s de 30 ans. En 1891 Monsieur COUTADEUR demande la suppression de l&rsquo;activit\u00e9 du moulin.<\/span><\/p>\n<p><span style=\"font-size: 1.5em; color: #000000;\">En 1895 les vannes sont enlev\u00e9es et la rivi\u00e8re, lib\u00e9r\u00e9e de ses entraves, reprendra son lit naturel de Bellejame \u00e0 l&rsquo;Orge<\/span><\/p>\n<p><span style=\"font-size: 1.5em; color: #000000;\">Aujourd&rsquo;hui le Moulin de l&rsquo;\u00c9tang, situ\u00e9 \u00e0 30 minutes de Paris (91), a conserv\u00e9 l&rsquo;essentiel de ses solides b\u00e2timents de gr\u00e8s, auxquels a \u00e9t\u00e9 accol\u00e9e une lumineuse verri\u00e8re, elle m\u00eame accessible par une cour pav\u00e9e ou murmure une fontaine.<\/span><\/p>\n<p><span style=\"font-size: 1.5em; color: #000000;\">Les b\u00e2timents sont entour\u00e9s d&rsquo;un parc plant\u00e9 d&rsquo;arbres centenaires et d&rsquo;une pelouse sur laquelle par beau temps nous dressons les buffets de cocktails.<br \/>\nNous organisons vos \u00e9v\u00e8nements agr\u00e9ment\u00e9s d&rsquo;activit\u00e9s sportives, ludiques, festives ou culturelles susceptibles de se d\u00e9rouler pour certaines au sein de nos salons et pour les autres sur la pelouse.<\/span><\/p>\n<p>&nbsp;<\/p>\n<div><\/div>\n<div><\/div>\n<p>[\/vc_column_text][\/vc_column][\/vc_row][vc_row][vc_column]<div id=\"sc_services_379377879_wrap\" class=\"sc_services_wrap\"><div id=\"sc_services_379377879\" class=\"sc_services sc_services_style_services-1 sc_services_type_icons \" style=\"width:100%;\"><h2 class=\"sc_services_title sc_item_title sc_item_title_without_descr\">Nous mettons \u00e0 votre disposition les \u00e9quipements suivants :<\/h2><div class=\"sc_columns columns_wrap\"><div class=\"column-1_4 column_padding_bottom\">\t\t\t<div id=\"sc_services_379377879_1\"\t\t\t\tclass=\"sc_services_item sc_services_item_1 odd first\"\n\t\t\t\t>\n\t\t\t\t<span class=\"sc_icon icon-desktop\"><\/span>\t\t\t\t<div class=\"sc_services_item_content\">\n\t\t\t\t\t<h4 class=\"sc_services_item_title icon-down\">Connexion WIFI<\/h4>\n                    \t\t\t\t<\/div>\n\t\t\t<\/div>\n\t\t<\/div><div class=\"column-1_4 column_padding_bottom\">\t\t\t<div id=\"sc_services_379377879_2\"\t\t\t\tclass=\"sc_services_item sc_services_item_2 even\"\n\t\t\t\t>\n\t\t\t\t<span class=\"sc_icon icon-camera-light\"><\/span>\t\t\t\t<div class=\"sc_services_item_content\">\n\t\t\t\t\t<h4 class=\"sc_services_item_title icon-down\">\u00c9cran de projection<\/h4>\n                    \t\t\t\t<\/div>\n\t\t\t<\/div>\n\t\t<\/div><div class=\"column-1_4 column_padding_bottom\">\t\t\t<div id=\"sc_services_379377879_3\"\t\t\t\tclass=\"sc_services_item sc_services_item_3 odd\"\n\t\t\t\t>\n\t\t\t\t<span class=\"sc_icon icon-keyboard\"><\/span>\t\t\t\t<div class=\"sc_services_item_content\">\n\t\t\t\t\t<h4 class=\"sc_services_item_title icon-down\">Paper-boards<\/h4>\n                    \t\t\t\t<\/div>\n\t\t\t<\/div>\n\t\t<\/div><div class=\"column-1_4 column_padding_bottom\">\t\t\t<div id=\"sc_services_379377879_4\"\t\t\t\tclass=\"sc_services_item sc_services_item_4 even\"\n\t\t\t\t>\n\t\t\t\t<span class=\"sc_icon icon-print\"><\/span>\t\t\t\t<div class=\"sc_services_item_content\">\n\t\t\t\t\t<h4 class=\"sc_services_item_title icon-down\">Photocopie<\/h4>\n                    \t\t\t\t<\/div>\n\t\t\t<\/div>\n\t\t<\/div><\/div><\/div><!-- \/.sc_services --><\/div><!-- \/.sc_services_wrap -->[vc_column_text]<\/p>\n<h4 style=\"text-align: center;\">Notre capacit\u00e9 maximum en r\u00e9ception familiale est de<strong> 250 couverts assis.<\/strong><\/h4>\n<h4 style=\"text-align: center;\">Notre capacit\u00e9 maximum en assembl\u00e9e pl\u00e9ni\u00e8re est de <strong>140 participants.<\/strong><\/h4>\n<h4 style=\"text-align: center;\">Notre aire de stationnement priv\u00e9e peut accueillir <strong>80 voitures.<\/strong><\/h4>\n<p>[\/vc_column_text][\/vc_column][\/vc_row]<\/p>\n<\/div>","protected":false},"excerpt":{"rendered":"<p>[vc_row][vc_column][vc_column_text css=\u00a0\u00bb.vc_custom_1711564865232{margin-bottom: 8.9rem !important;}\u00a0\u00bb][\/vc_column_text][vc_column_text]L&rsquo;abb\u00e9 LEBEUF note l&rsquo;existence du Moulin de l&rsquo;\u00c9tang en 1207. Il appartenait alors aux Chanoines de la coll\u00e9giale Saint Merry. Ces Chanoines sont seigneurs en partie de LINAS. (Dans l&rsquo;Essonne 91.) Le Moulin de l&rsquo;\u00c9tang devait son nom \u00e0 la pi\u00e8ce d&rsquo;eau situ\u00e9e en amont qui lui fournissait son \u00e9nergie. Cet \u00e9tang [&hellip;]<\/p>\n","protected":false},"author":1,"featured_media":0,"parent":0,"menu_order":0,"comment_status":"closed","ping_status":"closed","template":"","meta":{"footnotes":""},"class_list":["post-24","page","type-page","status-publish","hentry"],"yoast_head":"<!-- This site is optimized with the Yoast SEO plugin v22.6 - https:\/\/yoast.com\/wordpress\/plugins\/seo\/ -->\n<title>D\u00e9couvrez l&#039;Histoire du Moulin de l&#039;\u00c9tang<\/title>\n<meta name=\"description\" content=\"Plongez dans l&#039;histoire fascinante du Moulin de l&#039;\u00c9tang, datant de 1409. Situ\u00e9 \u00e0 30 minutes de Paris dans l&#039;Essonne. Contactez-nous d\u00e8s maintenant !\" \/>\n<meta name=\"robots\" content=\"index, follow, max-snippet:-1, max-image-preview:large, max-video-preview:-1\" \/>\n<link rel=\"canonical\" href=\"https:\/\/lemoulindeletang.fr\/index.php\/histoire-moulin-de-letang-essonne\/\" \/>\n<meta property=\"og:locale\" content=\"fr_FR\" \/>\n<meta property=\"og:type\" content=\"article\" \/>\n<meta property=\"og:title\" content=\"D\u00e9couvrez l&#039;Histoire du Moulin de l&#039;\u00c9tang\" \/>\n<meta property=\"og:description\" content=\"Plongez dans l&#039;histoire fascinante du Moulin de l&#039;\u00c9tang, datant de 1409. Situ\u00e9 \u00e0 30 minutes de Paris dans l&#039;Essonne. Contactez-nous d\u00e8s maintenant !\" \/>\n<meta property=\"og:url\" content=\"https:\/\/lemoulindeletang.fr\/index.php\/histoire-moulin-de-letang-essonne\/\" \/>\n<meta property=\"og:site_name\" content=\"LE MOULIN DE L&#039;\u00c9TANG\" \/>\n<meta property=\"article:modified_time\" content=\"2025-07-27T12:24:54+00:00\" \/>\n<meta name=\"twitter:card\" content=\"summary_large_image\" \/>\n<meta name=\"twitter:label1\" content=\"Dur\u00e9e de lecture estim\u00e9e\" \/>\n\t<meta name=\"twitter:data1\" content=\"2 minutes\" \/>\n<script type=\"application\/ld+json\" class=\"yoast-schema-graph\">{\"@context\":\"https:\/\/schema.org\",\"@graph\":[{\"@type\":\"WebPage\",\"@id\":\"https:\/\/lemoulindeletang.fr\/index.php\/histoire-moulin-de-letang-essonne\/\",\"url\":\"https:\/\/lemoulindeletang.fr\/index.php\/histoire-moulin-de-letang-essonne\/\",\"name\":\"D\u00e9couvrez l'Histoire du Moulin de l'\u00c9tang\",\"isPartOf\":{\"@id\":\"https:\/\/lemoulindeletang.fr\/#website\"},\"datePublished\":\"2016-08-25T09:35:41+00:00\",\"dateModified\":\"2025-07-27T12:24:54+00:00\",\"description\":\"Plongez dans l'histoire fascinante du Moulin de l'\u00c9tang, datant de 1409. Situ\u00e9 \u00e0 30 minutes de Paris dans l'Essonne. Contactez-nous d\u00e8s maintenant !\",\"breadcrumb\":{\"@id\":\"https:\/\/lemoulindeletang.fr\/index.php\/histoire-moulin-de-letang-essonne\/#breadcrumb\"},\"inLanguage\":\"fr-FR\",\"potentialAction\":[{\"@type\":\"ReadAction\",\"target\":[\"https:\/\/lemoulindeletang.fr\/index.php\/histoire-moulin-de-letang-essonne\/\"]}]},{\"@type\":\"BreadcrumbList\",\"@id\":\"https:\/\/lemoulindeletang.fr\/index.php\/histoire-moulin-de-letang-essonne\/#breadcrumb\",\"itemListElement\":[{\"@type\":\"ListItem\",\"position\":1,\"name\":\"Accueil\",\"item\":\"https:\/\/lemoulindeletang.fr\/\"},{\"@type\":\"ListItem\",\"position\":2,\"name\":\"Notre Histoire\"}]},{\"@type\":\"WebSite\",\"@id\":\"https:\/\/lemoulindeletang.fr\/#website\",\"url\":\"https:\/\/lemoulindeletang.fr\/\",\"name\":\"LE MOULIN DE L'\u00c9TANG\",\"description\":\"\",\"publisher\":{\"@id\":\"https:\/\/lemoulindeletang.fr\/#organization\"},\"potentialAction\":[{\"@type\":\"SearchAction\",\"target\":{\"@type\":\"EntryPoint\",\"urlTemplate\":\"https:\/\/lemoulindeletang.fr\/?s={search_term_string}\"},\"query-input\":\"required name=search_term_string\"}],\"inLanguage\":\"fr-FR\"},{\"@type\":\"Organization\",\"@id\":\"https:\/\/lemoulindeletang.fr\/#organization\",\"name\":\"LE MOULIN DE L'\u00c9TANG\",\"url\":\"https:\/\/lemoulindeletang.fr\/\",\"logo\":{\"@type\":\"ImageObject\",\"inLanguage\":\"fr-FR\",\"@id\":\"https:\/\/lemoulindeletang.fr\/#\/schema\/logo\/image\/\",\"url\":\"https:\/\/lemoulindeletang.fr\/wp-content\/uploads\/2024\/03\/cropped-cropped-cropped-v5\u2014400px\u2014NOIR-01.png\",\"contentUrl\":\"https:\/\/lemoulindeletang.fr\/wp-content\/uploads\/2024\/03\/cropped-cropped-cropped-v5\u2014400px\u2014NOIR-01.png\",\"width\":512,\"height\":512,\"caption\":\"LE MOULIN DE L'\u00c9TANG\"},\"image\":{\"@id\":\"https:\/\/lemoulindeletang.fr\/#\/schema\/logo\/image\/\"}}]}<\/script>\n<!-- \/ Yoast SEO plugin. -->","yoast_head_json":{"title":"D\u00e9couvrez l'Histoire du Moulin de l'\u00c9tang","description":"Plongez dans l'histoire fascinante du Moulin de l'\u00c9tang, datant de 1409. Situ\u00e9 \u00e0 30 minutes de Paris dans l'Essonne. Contactez-nous d\u00e8s maintenant !","robots":{"index":"index","follow":"follow","max-snippet":"max-snippet:-1","max-image-preview":"max-image-preview:large","max-video-preview":"max-video-preview:-1"},"canonical":"https:\/\/lemoulindeletang.fr\/index.php\/histoire-moulin-de-letang-essonne\/","og_locale":"fr_FR","og_type":"article","og_title":"D\u00e9couvrez l'Histoire du Moulin de l'\u00c9tang","og_description":"Plongez dans l'histoire fascinante du Moulin de l'\u00c9tang, datant de 1409. Situ\u00e9 \u00e0 30 minutes de Paris dans l'Essonne. Contactez-nous d\u00e8s maintenant !","og_url":"https:\/\/lemoulindeletang.fr\/index.php\/histoire-moulin-de-letang-essonne\/","og_site_name":"LE MOULIN DE L&#039;\u00c9TANG","article_modified_time":"2025-07-27T12:24:54+00:00","twitter_card":"summary_large_image","twitter_misc":{"Dur\u00e9e de lecture estim\u00e9e":"2 minutes"},"schema":{"@context":"https:\/\/schema.org","@graph":[{"@type":"WebPage","@id":"https:\/\/lemoulindeletang.fr\/index.php\/histoire-moulin-de-letang-essonne\/","url":"https:\/\/lemoulindeletang.fr\/index.php\/histoire-moulin-de-letang-essonne\/","name":"D\u00e9couvrez l'Histoire du Moulin de l'\u00c9tang","isPartOf":{"@id":"https:\/\/lemoulindeletang.fr\/#website"},"datePublished":"2016-08-25T09:35:41+00:00","dateModified":"2025-07-27T12:24:54+00:00","description":"Plongez dans l'histoire fascinante du Moulin de l'\u00c9tang, datant de 1409. Situ\u00e9 \u00e0 30 minutes de Paris dans l'Essonne. Contactez-nous d\u00e8s maintenant !","breadcrumb":{"@id":"https:\/\/lemoulindeletang.fr\/index.php\/histoire-moulin-de-letang-essonne\/#breadcrumb"},"inLanguage":"fr-FR","potentialAction":[{"@type":"ReadAction","target":["https:\/\/lemoulindeletang.fr\/index.php\/histoire-moulin-de-letang-essonne\/"]}]},{"@type":"BreadcrumbList","@id":"https:\/\/lemoulindeletang.fr\/index.php\/histoire-moulin-de-letang-essonne\/#breadcrumb","itemListElement":[{"@type":"ListItem","position":1,"name":"Accueil","item":"https:\/\/lemoulindeletang.fr\/"},{"@type":"ListItem","position":2,"name":"Notre Histoire"}]},{"@type":"WebSite","@id":"https:\/\/lemoulindeletang.fr\/#website","url":"https:\/\/lemoulindeletang.fr\/","name":"LE MOULIN DE L'\u00c9TANG","description":"","publisher":{"@id":"https:\/\/lemoulindeletang.fr\/#organization"},"potentialAction":[{"@type":"SearchAction","target":{"@type":"EntryPoint","urlTemplate":"https:\/\/lemoulindeletang.fr\/?s={search_term_string}"},"query-input":"required name=search_term_string"}],"inLanguage":"fr-FR"},{"@type":"Organization","@id":"https:\/\/lemoulindeletang.fr\/#organization","name":"LE MOULIN DE L'\u00c9TANG","url":"https:\/\/lemoulindeletang.fr\/","logo":{"@type":"ImageObject","inLanguage":"fr-FR","@id":"https:\/\/lemoulindeletang.fr\/#\/schema\/logo\/image\/","url":"https:\/\/lemoulindeletang.fr\/wp-content\/uploads\/2024\/03\/cropped-cropped-cropped-v5\u2014400px\u2014NOIR-01.png","contentUrl":"https:\/\/lemoulindeletang.fr\/wp-content\/uploads\/2024\/03\/cropped-cropped-cropped-v5\u2014400px\u2014NOIR-01.png","width":512,"height":512,"caption":"LE MOULIN DE L'\u00c9TANG"},"image":{"@id":"https:\/\/lemoulindeletang.fr\/#\/schema\/logo\/image\/"}}]}},"_links":{"self":[{"href":"https:\/\/lemoulindeletang.fr\/index.php\/wp-json\/wp\/v2\/pages\/24","targetHints":{"allow":["GET"]}}],"collection":[{"href":"https:\/\/lemoulindeletang.fr\/index.php\/wp-json\/wp\/v2\/pages"}],"about":[{"href":"https:\/\/lemoulindeletang.fr\/index.php\/wp-json\/wp\/v2\/types\/page"}],"author":[{"embeddable":true,"href":"https:\/\/lemoulindeletang.fr\/index.php\/wp-json\/wp\/v2\/users\/1"}],"replies":[{"embeddable":true,"href":"https:\/\/lemoulindeletang.fr\/index.php\/wp-json\/wp\/v2\/comments?post=24"}],"version-history":[{"count":11,"href":"https:\/\/lemoulindeletang.fr\/index.php\/wp-json\/wp\/v2\/pages\/24\/revisions"}],"predecessor-version":[{"id":2027,"href":"https:\/\/lemoulindeletang.fr\/index.php\/wp-json\/wp\/v2\/pages\/24\/revisions\/2027"}],"wp:attachment":[{"href":"https:\/\/lemoulindeletang.fr\/index.php\/wp-json\/wp\/v2\/media?parent=24"}],"curies":[{"name":"wp","href":"https:\/\/api.w.org\/{rel}","templated":true}]}}